{"id":1610,"date":"2021-02-10T14:56:46","date_gmt":"2021-02-10T17:56:46","guid":{"rendered":"http:\/\/170.210.81.163\/extension\/?post_type=paginas&#038;p=1610"},"modified":"2021-02-10T15:14:58","modified_gmt":"2021-02-10T18:14:58","slug":"proyectos-de-extension","status":"publish","type":"paginas","link":"https:\/\/extension.uncoma.edu.ar\/index.php\/paginas\/proyectos-de-extension","title":{"rendered":"Proyectos de Extensi\u00f3n"},"content":{"rendered":"<h2 class=\"page-title\">Proyectos de Extensi\u00f3n<\/h2>\n<div class=\"region region-content\">\n<div class=\"block block-system\" id=\"block-system-main\">\n<div class=\"content\">\n<div class=\"content node-contenido\">\n<div class=\"field field-name-body field-type-text-with-summary field-label-hidden\">\n<div class=\"field-items\">\n<div class=\"field-item even\" property=\"content:encoded\">\n<p>Los<span>\u00a0<\/span><strong>proyectos de Extensi\u00f3n<\/strong><span>\u00a0<\/span>son propuestas formales de los docentes para trabajar desde la Facultad con nuestra comunidad. Se ejecutan luego de una evaluaci\u00f3n del Consejo de Extensi\u00f3n Universitario, integrado por todos los Secretarios de Extensi\u00f3n de las distintas Unidades Acad\u00e9micas. Tienen un plazo m\u00e1ximo de dos a\u00f1os y una financiaci\u00f3n limitada.<\/p>\n<table cellpadding=\"10\" cellspacing=\"1\" style=\"width: 100%;\" border=\"1\">\n<tbody>\n<tr>\n<td style=\"border-style: solid; border-color: #000000;\"><strong>Unidad Acad\u00e9mica<\/strong><\/td>\n<td style=\"border-style: solid; border-color: #000000;\"><strong>N\u00b0 Proy.<\/strong><\/td>\n<td style=\"border-style: solid; border-color: #000000;\"><strong>Director<\/strong><\/td>\n<td style=\"border-style: solid; border-color: #000000;\"><strong>Co- Director<\/strong><\/td>\n<td style=\"border-style: solid; border-color: #000000;\"><strong>T\u00edtulo del Proyecto<\/strong><\/td>\n<\/tr>\n<tr>\n<td style=\"border-style: solid; border-color: #000000;\">FaDeCS<\/td>\n<td style=\"border-style: solid; border-color: #000000;\">783<\/td>\n<td style=\"border-style: solid; border-color: #000000;\">Daniel Tobares<\/td>\n<td style=\"border-style: solid; border-color: #000000;\">Laura Andrea Vinante<\/td>\n<td style=\"border-style: solid; border-color: #000000;\">Asesor\u00eda Jur\u00eddica Gratuita Integral<\/td>\n<\/tr>\n<tr>\n<td style=\"border-style: solid; border-color: #000000;\">FaDeCS<\/td>\n<td style=\"border-style: solid; border-color: #000000;\">784<\/td>\n<td style=\"border-style: solid; border-color: #000000;\">Norma Beatriz Mora<\/td>\n<td style=\"border-style: solid; border-color: #000000;\">Marcela Casta\u00f1on<\/td>\n<td style=\"border-style: solid; border-color: #000000;\">Estrategias de intervenci\u00f3n comunitarias con adolescentes y j\u00f3venes desde la formaci\u00f3n de pares<\/td>\n<\/tr>\n<tr>\n<td style=\"border-style: solid; border-color: #000000;\">FaCTA<\/td>\n<td style=\"border-style: solid; border-color: #000000;\">809<\/td>\n<td style=\"border-style: solid; border-color: #000000;\">Alberto Felix Aguilera<\/td>\n<td style=\"border-style: solid; border-color: #000000;\">Romina Pedreschi<\/td>\n<td style=\"border-style: solid; border-color: #000000;\">Recuperando el patrimonio gastron\u00f3mico del Alto Valle. Segunda Parte<\/td>\n<\/tr>\n<tr>\n<td style=\"border-style: solid; border-color: #000000;\">FaCTA<\/td>\n<td style=\"border-style: solid; border-color: #000000;\">808<\/td>\n<td style=\"border-style: solid; border-color: #000000;\">Magali Vigueras<\/td>\n<td style=\"border-style: solid; border-color: #000000;\">Romina Pedreschi<\/td>\n<td style=\"border-style: solid; border-color: #000000;\">La Gira del Sabor 2017<\/td>\n<\/tr>\n<tr>\n<td style=\"border-style: solid; border-color: #000000;\">FaCTA<\/td>\n<td style=\"border-style: solid; border-color: #000000;\">792<\/td>\n<td style=\"border-style: solid; border-color: #000000;\">Julio Garces Perez<\/td>\n<td style=\"border-style: solid; border-color: #000000;\">Adriana Simes<\/td>\n<td style=\"border-style: solid; border-color: #000000;\">La Informaci\u00f3n Acad\u00e9mica al alcance de la comunidad para incorporar nuevos conocimientos y tecnolog\u00edas que favorezcan la elaboraci\u00f3n de alimentos tanto al nivel comercial como familiar<\/td>\n<\/tr>\n<tr>\n<td style=\"border-style: solid; border-color: #000000;\">FaCTA<\/td>\n<td style=\"border-style: solid; border-color: #000000;\">782<\/td>\n<td style=\"border-style: solid; border-color: #000000;\">Celina Franceschinis<\/td>\n<td style=\"border-style: solid; border-color: #000000;\">Lorena Franceschinis<\/td>\n<td style=\"border-style: solid; border-color: #000000;\">Taller de cocina sin TACC<\/td>\n<\/tr>\n<tr>\n<td style=\"border-style: solid; border-color: #000000;\">CURZA<\/td>\n<td style=\"border-style: solid; border-color: #000000;\">765<\/td>\n<td style=\"border-style: solid; border-color: #000000;\">Valeria D&#8217;Angelo<\/td>\n<td style=\"border-style: solid; border-color: #000000;\">Lihuen Aili\u00f1 Gallo<\/td>\n<td style=\"border-style: solid; border-color: #000000;\">J\u00f3venes en territorio: fortaleciendo el ejercicio de la ciudadan\u00eda desde la Educaci\u00f3n Popular<\/td>\n<\/tr>\n<tr>\n<td style=\"border-style: solid; border-color: #000000;\">CURZA<\/td>\n<td style=\"border-style: solid; border-color: #000000;\">760<\/td>\n<td style=\"border-style: solid; border-color: #000000;\">Mar\u00eda Vanda Ianowski<\/td>\n<td style=\"border-style: solid; border-color: #000000;\">Rodrigo Guzman Conejeros<\/td>\n<td style=\"border-style: solid; border-color: #000000;\">Hacia la construcci\u00f3n colectiva de alternativas agroalimentarias locales desde la perspectiva de la soberan\u00eda alimentaria<\/td>\n<\/tr>\n<tr>\n<td style=\"border-style: solid; border-color: #000000;\">CURZA<\/td>\n<td style=\"border-style: solid; border-color: #000000;\">761<\/td>\n<td style=\"border-style: solid; border-color: #000000;\">Marina La Vecchia<\/td>\n<td style=\"border-style: solid; border-color: #000000;\">Patricia Weigandt<\/td>\n<td style=\"border-style: solid; border-color: #000000;\">Abordajes en infancia\/s y adolescencia\/s. Otra arista de lo que resiste: g\u00e9nero\/s y sexualidad\/es<\/td>\n<\/tr>\n<tr>\n<td style=\"border-style: solid; border-color: #000000;\">CURZA<\/td>\n<td style=\"border-style: solid; border-color: #000000;\">762<\/td>\n<td style=\"border-style: solid; border-color: #000000;\">M\u00f3nica Viviana Ricca<\/td>\n<td style=\"border-style: solid; border-color: #000000;\">Luc\u00eda Marina Cantamutto<\/td>\n<td style=\"border-style: solid; border-color: #000000;\">Leer, hablar y escribir para aprender conocimientos disciplinares en la escuela secundaria agraria<\/td>\n<\/tr>\n<tr>\n<td style=\"border-style: solid; border-color: #000000;\">CURZA<\/td>\n<td style=\"border-style: solid; border-color: #000000;\">763<\/td>\n<td style=\"border-style: solid; border-color: #000000;\">Delcia Beatriz Myriam Ros<\/td>\n<td style=\"border-style: solid; border-color: #000000;\">Mar\u00eda Marta C\u00e1ccamo<\/td>\n<td style=\"border-style: solid; border-color: #000000;\">Bio\u00e9tica, un espacio para la deliberaci\u00f3n \u00e9tica-pol\u00edtica en el \u00e1mbito de la salud p\u00fablica y la educaci\u00f3n en la ciudad de Viedma, provincia de R\u00edo Negro<\/td>\n<\/tr>\n<tr>\n<td style=\"border-style: solid; border-color: #000000;\">CURZA<\/td>\n<td style=\"border-style: solid; border-color: #000000;\">764<\/td>\n<td style=\"border-style: solid; border-color: #000000;\">Pedro Salomon<\/td>\n<td style=\"border-style: solid; border-color: #000000;\">Tatiana Gibelli<\/td>\n<td style=\"border-style: solid; border-color: #000000;\">Dise\u00f1o colaborativo de materiales did\u00e1cticos digitales usando software libre orientados a la comprensi\u00f3n de conceptos matem\u00e1ticos mediante resoluci\u00f3n de problemas destinados a estudiantes secundarios y preuniversitarios<\/td>\n<\/tr>\n<tr>\n<td style=\"border-style: solid; border-color: #000000;\">FaDeL<\/td>\n<td style=\"border-style: solid; border-color: #000000;\">786<\/td>\n<td style=\"border-style: solid; border-color: #000000;\">Beatriz Arce<\/td>\n<td style=\"border-style: solid; border-color: #000000;\">Najla Elisabeth Caixeta<\/td>\n<td style=\"border-style: solid; border-color: #000000;\">Semana Cultural Brasile\u00f1a: integrando culturas a trav\u00e9s de los idiomas<\/td>\n<\/tr>\n<tr>\n<td style=\"border-style: solid; border-color: #000000;\">FaDeL<\/td>\n<td style=\"border-style: solid; border-color: #000000;\">785<\/td>\n<td style=\"border-style: solid; border-color: #000000;\">Estela Gannio<\/td>\n<td style=\"border-style: solid; border-color: #000000;\">Natalia Celeste Ferracioli<\/td>\n<td style=\"border-style: solid; border-color: #000000;\">El idioma ingles como herramienta de comunicaci\u00f3n en la industria hotelera<\/td>\n<\/tr>\n<tr>\n<td style=\"border-style: solid; border-color: #000000;\">FaI<\/td>\n<td style=\"border-style: solid; border-color: #000000;\">794<\/td>\n<td style=\"border-style: solid; border-color: #000000;\">Jorge Pablo Rodriguez<\/td>\n<td style=\"border-style: solid; border-color: #000000;\">Rafael Zurita<\/td>\n<td style=\"border-style: solid; border-color: #000000;\">Vamos a la Escuela. Acercando las Cs. de la computaci\u00f3n a la Escuela Media<\/td>\n<\/tr>\n<tr>\n<td style=\"border-style: solid; border-color: #000000;\">FaI<\/td>\n<td style=\"border-style: solid; border-color: #000000;\">797<\/td>\n<td style=\"border-style: solid; border-color: #000000;\">Claudia Carina Fracchia<\/td>\n<td style=\"border-style: solid; border-color: #000000;\">Nadina Martinez Carod<\/td>\n<td style=\"border-style: solid; border-color: #000000;\">Tecnolog\u00eda Realidad Aumentada aplicada al \u00e1mbito educativo<\/td>\n<\/tr>\n<tr>\n<td style=\"border-style: solid; border-color: #000000;\">FaI<\/td>\n<td style=\"border-style: solid; border-color: #000000;\">796<\/td>\n<td style=\"border-style: solid; border-color: #000000;\">Ingrid Diana Godoy<\/td>\n<td style=\"border-style: solid; border-color: #000000;\">Pablo Kogan<\/td>\n<td style=\"border-style: solid; border-color: #000000;\">Torneos de programaci\u00f3n para promover el Aprendizaje en la Escuela Media<\/td>\n<\/tr>\n<tr>\n<td style=\"border-style: solid; border-color: #000000;\">FaI<\/td>\n<td style=\"border-style: solid; border-color: #000000;\">795<\/td>\n<td style=\"border-style: solid; border-color: #000000;\">Laura Andrea Cecchi<\/td>\n<td style=\"border-style: solid; border-color: #000000;\">Guillermo Grosso<\/td>\n<td style=\"border-style: solid; border-color: #000000;\">Agentes Robots: divulgando Computaci\u00f3n en la Escuela Media<\/td>\n<\/tr>\n<tr>\n<td style=\"border-style: solid; border-color: #000000;\">FaCiAS<\/td>\n<td style=\"border-style: solid; border-color: #000000;\">776<\/td>\n<td style=\"border-style: solid; border-color: #000000;\">Lidia Esther Gauna<\/td>\n<td style=\"border-style: solid; border-color: #000000;\">Daniel Alfredo Zu\u00f1iga<\/td>\n<td style=\"border-style: solid; border-color: #000000;\">Tendiendo caminos hacia la sustentabilidad en Aguada Guzm\u00e1n, R\u00edo Negro<\/td>\n<\/tr>\n<tr>\n<td style=\"border-style: solid; border-color: #000000;\">FaCiAS<\/td>\n<td style=\"border-style: solid; border-color: #000000;\">775<\/td>\n<td style=\"border-style: solid; border-color: #000000;\">Marcelo Yunes<\/td>\n<td style=\"border-style: solid; border-color: #000000;\">Jose Manuel Vazquez<\/td>\n<td style=\"border-style: solid; border-color: #000000;\">Sinergias institucionales para el empoderamiento de la comunidad en la gesti\u00f3n integral del agua y saneamiento<\/td>\n<\/tr>\n<tr>\n<td style=\"border-style: solid; border-color: #000000;\">FaCiMed<\/td>\n<td style=\"border-style: solid; border-color: #000000;\">779<\/td>\n<td style=\"border-style: solid; border-color: #000000;\">Elena Saleg<\/td>\n<td style=\"border-style: solid; border-color: #000000;\">Silvia Adela Avila<\/td>\n<td style=\"border-style: solid; border-color: #000000;\">Valores, comprensi\u00f3n y argumentaci\u00f3n. Elementos para una participaci\u00f3n en los debates bio\u00e9ticos de hoy<\/td>\n<\/tr>\n<tr>\n<td style=\"border-style: solid; border-color: #000000;\">FaCiMed<\/td>\n<td style=\"border-style: solid; border-color: #000000;\">777<\/td>\n<td style=\"border-style: solid; border-color: #000000;\">Maria Luz Riera<\/td>\n<td style=\"border-style: solid; border-color: #000000;\">Natalia Fernandez<\/td>\n<td style=\"border-style: solid; border-color: #000000;\">Consultorio de Atenci\u00f3n de Salud Integral para la diversidad sexual<\/td>\n<\/tr>\n<tr>\n<td style=\"border-style: solid; border-color: #000000;\">FaCiMed<\/td>\n<td style=\"border-style: solid; border-color: #000000;\">781<\/td>\n<td style=\"border-style: solid; border-color: #000000;\">Maria Gabriela Luchetti<\/td>\n<td style=\"border-style: solid; border-color: #000000;\">Valeria Albardonedo<\/td>\n<td style=\"border-style: solid; border-color: #000000;\">Espacio de capacitaci\u00f3n y conserjer\u00eda en salud sexual y derechos sexuales y reproductivos Fase II conserjer\u00edas integrales en SSYR y reducci\u00f3n de da\u00f1os y riesgos<\/td>\n<\/tr>\n<tr>\n<td style=\"border-style: solid; border-color: #000000;\">FaCiMed<\/td>\n<td style=\"border-style: solid; border-color: #000000;\">780<\/td>\n<td style=\"border-style: solid; border-color: #000000;\">Maria Isabel Pedraza<\/td>\n<td style=\"border-style: solid; border-color: #000000;\">Miguel Angel Vera<\/td>\n<td style=\"border-style: solid; border-color: #000000;\">Primeros pasos para una vida saludable y feliz<\/td>\n<\/tr>\n<tr>\n<td style=\"border-style: solid; border-color: #000000;\">FaCiMed<\/td>\n<td style=\"border-style: solid; border-color: #000000;\">778<\/td>\n<td style=\"border-style: solid; border-color: #000000;\">Monica Beatriz Reyna<\/td>\n<td style=\"border-style: solid; border-color: #000000;\">Daniela Beatriz Bassi<\/td>\n<td style=\"border-style: solid; border-color: #000000;\">Construir salud con los actores de la linea sur rionegrina. Integraci\u00f3n de experiencias en la interdisciplina<\/td>\n<\/tr>\n<tr>\n<td style=\"border-style: solid; border-color: #000000;\">EsCiMar<\/td>\n<td style=\"border-style: solid; border-color: #000000;\">806<\/td>\n<td style=\"border-style: solid; border-color: #000000;\">Maria Paula Fava<\/td>\n<td style=\"border-style: solid; border-color: #000000;\">Matias Simon Maggioni<\/td>\n<td style=\"border-style: solid; border-color: #000000;\">La escuela a la escuela<\/td>\n<\/tr>\n<tr>\n<td style=\"border-style: solid; border-color: #000000;\">EsCiMar<\/td>\n<td style=\"border-style: solid; border-color: #000000;\">805<\/td>\n<td style=\"border-style: solid; border-color: #000000;\">Elba Noemi D&#8217;Amico<\/td>\n<td style=\"border-style: solid; border-color: #000000;\">Maria Ignacia Sica<\/td>\n<td style=\"border-style: solid; border-color: #000000;\">Tecnolog\u00eda de elaboraci\u00f3n de productos pesqueros para instituciones educativas y comunidad<\/td>\n<\/tr>\n<tr>\n<td style=\"border-style: solid; border-color: #000000;\">EsCiMar<\/td>\n<td style=\"border-style: solid; border-color: #000000;\">807<\/td>\n<td style=\"border-style: solid; border-color: #000000;\">Eduardo Zampatti<\/td>\n<td style=\"border-style: solid; border-color: #000000;\">Myriam Elvira<\/td>\n<td style=\"border-style: solid; border-color: #000000;\">Programa de capacitaci\u00f3n y transferencia tecnol\u00f3gica en t\u00e9cnicas de producci\u00f3n de semillas de moluscos bivalvos en criadero y cultivo de zooplancton<\/td>\n<\/tr>\n<tr>\n<td style=\"border-style: solid; border-color: #000000;\">FaEA<\/td>\n<td style=\"border-style: solid; border-color: #000000;\">791<\/td>\n<td style=\"border-style: solid; border-color: #000000;\">Lidia Daniela Montangie<\/td>\n<td style=\"border-style: solid; border-color: #000000;\">Alejandra Perini<\/td>\n<td style=\"border-style: solid; border-color: #000000;\">AniMATE Comahue 2017<\/td>\n<\/tr>\n<tr>\n<td style=\"border-style: solid; border-color: #000000;\">FaEA<\/td>\n<td style=\"border-style: solid; border-color: #000000;\">790<\/td>\n<td style=\"border-style: solid; border-color: #000000;\">Juan Quintar<\/td>\n<td style=\"border-style: solid; border-color: #000000;\">Joaqu\u00edn Perr\u00e9n<\/td>\n<td style=\"border-style: solid; border-color: #000000;\">El conflicto social en foco: El Choconazo<\/td>\n<\/tr>\n<tr>\n<td style=\"border-style: solid; border-color: #000000;\">FaEA<\/td>\n<td style=\"border-style: solid; border-color: #000000;\">788<\/td>\n<td style=\"border-style: solid; border-color: #000000;\">Maria Lucia Poccioni<\/td>\n<td style=\"border-style: solid; border-color: #000000;\">Claudia Reyes<\/td>\n<td style=\"border-style: solid; border-color: #000000;\">Acortando distancias<\/td>\n<\/tr>\n<tr>\n<td style=\"border-style: solid; border-color: #000000;\">FaEA<\/td>\n<td style=\"border-style: solid; border-color: #000000;\">789<\/td>\n<td style=\"border-style: solid; border-color: #000000;\">Norma Noya<\/td>\n<td style=\"border-style: solid; border-color: #000000;\">Nora Iris Diaz<\/td>\n<td style=\"border-style: solid; border-color: #000000;\">Una propuesta de socializaci\u00f3n de saberes en la Econom\u00eda Pol\u00edtica (4\u00ba edici\u00f3n)<\/td>\n<\/tr>\n<tr>\n<td style=\"border-style: solid; border-color: #000000;\">FaEA<\/td>\n<td style=\"border-style: solid; border-color: #000000;\">787<\/td>\n<td style=\"border-style: solid; border-color: #000000;\">Pablo D. Reeb<\/td>\n<td style=\"border-style: solid; border-color: #000000;\">Sergio J. Bramardi<\/td>\n<td style=\"border-style: solid; border-color: #000000;\">Aporte a la planificaci\u00f3n de tareas culturales en montes de peras y manzanas utilizando curvas de crecimiento de frutos en R\u00edo Negro y Neuqu\u00e9n<\/td>\n<\/tr>\n<tr>\n<td style=\"border-style: solid; border-color: #000000;\">FaIn<\/td>\n<td style=\"border-style: solid; border-color: #000000;\">799<\/td>\n<td style=\"border-style: solid; border-color: #000000;\">Gabriela Alvarez<\/td>\n<td style=\"border-style: solid; border-color: #000000;\">Veronica Herrero Capitanich<\/td>\n<td style=\"border-style: solid; border-color: #000000;\">\u00c1reas de oportunidad para la construcci\u00f3n del habitat metropolitano de Neuqu\u00e9n. Una mirada desde la vivienda social<\/td>\n<\/tr>\n<tr>\n<td style=\"border-style: solid; border-color: #000000;\">FaIn<\/td>\n<td style=\"border-style: solid; border-color: #000000;\">800<\/td>\n<td style=\"border-style: solid; border-color: #000000;\">Oscar Antonio Troviano<\/td>\n<td style=\"border-style: solid; border-color: #000000;\">Raul Angel Rapacioli<\/td>\n<td style=\"border-style: solid; border-color: #000000;\">Microzonificaci\u00f3n nivea Caviahue-Copahue en la provincia del Neuqu\u00e9n<\/td>\n<\/tr>\n<tr>\n<td style=\"border-style: solid; border-color: #000000;\">FaIn<\/td>\n<td style=\"border-style: solid; border-color: #000000;\">798<\/td>\n<td style=\"border-style: solid; border-color: #000000;\">Olga Liliana Anguiano<\/td>\n<td style=\"border-style: solid; border-color: #000000;\">Ana Ferrari<\/td>\n<td style=\"border-style: solid; border-color: #000000;\">\u00bfConocen los agricultores las buenas pr\u00e1cticas agr\u00edcolas? Una cuesti\u00f3n clave para disminuir la exposici\u00f3n a plaguicidas y el riesgo de intoxicaci\u00f3n<\/td>\n<\/tr>\n<tr>\n<td style=\"border-style: solid; border-color: #000000;\">FaIn<\/td>\n<td style=\"border-style: solid; border-color: #000000;\">801<\/td>\n<td style=\"border-style: solid; border-color: #000000;\">Ana Basset<\/td>\n<td style=\"border-style: solid; border-color: #000000;\">Mara Adriana Olavegogeascoechea<\/td>\n<td style=\"border-style: solid; border-color: #000000;\">El arte y la ciencia de ense\u00f1ar ciencias: Aportes para un aula innovadora<\/td>\n<\/tr>\n<tr>\n<td style=\"border-style: solid; border-color: #000000;\">FaCE<\/td>\n<td style=\"border-style: solid; border-color: #000000;\">774<\/td>\n<td style=\"border-style: solid; border-color: #000000;\">Ana Maria Alarcon<\/td>\n<td style=\"border-style: solid; border-color: #000000;\">Maria Lucila Da Silva<\/td>\n<td style=\"border-style: solid; border-color: #000000;\">Migraci\u00f3n y DESC (Derechos Econ\u00f3micos Sociales y Culturales)<\/td>\n<\/tr>\n<tr>\n<td style=\"border-style: solid; border-color: #000000;\">FaCE<\/td>\n<td style=\"border-style: solid; border-color: #000000;\">773<\/td>\n<td style=\"border-style: solid; border-color: #000000;\">Claudia Gabriela Baffo<\/td>\n<td style=\"border-style: solid; border-color: #000000;\">Viviana Comba<\/td>\n<td style=\"border-style: solid; border-color: #000000;\">Promoci\u00f3n de habilidades para la inclusi\u00f3n socio-laboral de personas con sufrimiento mental<\/td>\n<\/tr>\n<tr>\n<td style=\"border-style: solid; border-color: #000000;\">FaCE<\/td>\n<td style=\"border-style: solid; border-color: #000000;\">767<\/td>\n<td style=\"border-style: solid; border-color: #000000;\">Lidia Ema Camadro Matamala<\/td>\n<td style=\"border-style: solid; border-color: #000000;\">Rosana Bravo<\/td>\n<td style=\"border-style: solid; border-color: #000000;\">Infancias en la contemporaneidad, escuela p\u00fablica y debate curricular: aportes para la \u00abreconstrucci\u00f3n cr\u00edtica de la experiencia docente\u00bb en clave de saber, poder, producci\u00f3n de subjetividad y eticidad \u00bfTu perspectiva curricular Baila?<\/td>\n<\/tr>\n<tr>\n<td style=\"border-style: solid; border-color: #000000;\">FaCE<\/td>\n<td style=\"border-style: solid; border-color: #000000;\">766<\/td>\n<td style=\"border-style: solid; border-color: #000000;\">Amanda Fontana<\/td>\n<td style=\"border-style: solid; border-color: #000000;\">Patricia Celsa Olea<\/td>\n<td style=\"border-style: solid; border-color: #000000;\">Pensar y hacer Ciencias en Escuelas Rurales<\/td>\n<\/tr>\n<tr>\n<td style=\"border-style: solid; border-color: #000000;\">FaCE<\/td>\n<td style=\"border-style: solid; border-color: #000000;\">770<\/td>\n<td style=\"border-style: solid; border-color: #000000;\">Rosa Martinez<\/td>\n<td style=\"border-style: solid; border-color: #000000;\">Patricia Detzel<\/td>\n<td style=\"border-style: solid; border-color: #000000;\">La clase de Matem\u00e1tica. Una construcci\u00f3n colaborativa<\/td>\n<\/tr>\n<tr>\n<td style=\"border-style: solid; border-color: #000000;\">FaCE<\/td>\n<td style=\"border-style: solid; border-color: #000000;\">768<\/td>\n<td style=\"border-style: solid; border-color: #000000;\">Marcela Alejandra Parra<\/td>\n<td style=\"border-style: solid; border-color: #000000;\">Lorena Maria Gallosi<\/td>\n<td style=\"border-style: solid; border-color: #000000;\">Dispositivos de atenci\u00f3n en salud mental para ni\u00f1@s peque\u00f1os y su familias: articulaciones entre trabajo cl\u00ednico y la perspectiva comunitaria<\/td>\n<\/tr>\n<tr>\n<td style=\"border-style: solid; border-color: #000000;\">FaCE<\/td>\n<td style=\"border-style: solid; border-color: #000000;\">771<\/td>\n<td style=\"border-style: solid; border-color: #000000;\">Sandra Viviana Romero<\/td>\n<td style=\"border-style: solid; border-color: #000000;\">Gabriela Mabel Maldonado<\/td>\n<td style=\"border-style: solid; border-color: #000000;\">Pedagog\u00edas de las diferencias: Entre lo art\u00edstico, lo tecnol\u00f3gico y lo cient\u00edfico. Territorio de coproducci\u00f3n\/experiencias colectivas entre la Escuela y la Universidad<\/td>\n<\/tr>\n<tr>\n<td style=\"border-style: solid; border-color: #000000;\">FaCE<\/td>\n<td style=\"border-style: solid; border-color: #000000;\">772<\/td>\n<td style=\"border-style: solid; border-color: #000000;\">Rolando Schnaider<\/td>\n<td style=\"border-style: solid; border-color: #000000;\">Flavio Esteban Giglio<\/td>\n<td style=\"border-style: solid; border-color: #000000;\">Deporte y resistencia. Momento de la historia deportiva en la Europa del Holocausto y la Argentina de la \u00faltima dictadura c\u00edvico-militar<\/td>\n<\/tr>\n<tr>\n<td style=\"border-style: solid; border-color: #000000;\">FaCE<\/td>\n<td style=\"border-style: solid; border-color: #000000;\">769<\/td>\n<td style=\"border-style: solid; border-color: #000000;\">Ines Trpin<\/td>\n<td style=\"border-style: solid; border-color: #000000;\">Marcela Denapoli<\/td>\n<td style=\"border-style: solid; border-color: #000000;\">Resignificar las pr\u00e1cticas de crianza en los centros infantiles municipales: experiencias y saberes<\/td>\n<\/tr>\n<tr>\n<td style=\"border-style: solid; border-color: #000000;\">FaCA<\/td>\n<td style=\"border-style: solid; border-color: #000000;\">810<\/td>\n<td style=\"border-style: solid; border-color: #000000;\">Claudio Blacher<\/td>\n<td style=\"border-style: solid; border-color: #000000;\">Mariana Guido<\/td>\n<td style=\"border-style: solid; border-color: #000000;\">Articulaci\u00f3n del nivel medio y superior<\/td>\n<\/tr>\n<tr>\n<td style=\"border-style: solid; border-color: #000000;\">FaCA<\/td>\n<td style=\"border-style: solid; border-color: #000000;\">802<\/td>\n<td style=\"border-style: solid; border-color: #000000;\">Juan Carlos Percaz<\/td>\n<td style=\"border-style: solid; border-color: #000000;\">Leandro Girardin<\/td>\n<td style=\"border-style: solid; border-color: #000000;\">Sistemas mixtos pecuarios en el \u00e1rea de Cuenca Vidal, Campo Grande, Contralmirante Cordero y Cinco Saltos (Alto Valle, provincia de R\u00edo Negro): relevamiento y estrategias de los productores locales<\/td>\n<\/tr>\n<tr>\n<td style=\"border-style: solid; border-color: #000000;\">FaCA<\/td>\n<td style=\"border-style: solid; border-color: #000000;\">803<\/td>\n<td style=\"border-style: solid; border-color: #000000;\">Horacio Oscar Verdile<\/td>\n<td style=\"border-style: solid; border-color: #000000;\">Luis Eduardo Ferrari Irrisarri<\/td>\n<td style=\"border-style: solid; border-color: #000000;\">Unidad productiva autosuficiente con enfoque agroecol\u00f3gico destinada a la capacitaci\u00f3n permanente para la agricultura familiar<\/td>\n<\/tr>\n<tr>\n<td style=\"border-style: solid; border-color: #000000;\">FaCA<\/td>\n<td style=\"border-style: solid; border-color: #000000;\">804<\/td>\n<td style=\"border-style: solid; border-color: #000000;\">Juan Carlos Forquera<\/td>\n<td style=\"border-style: solid; border-color: #000000;\">Agustin Gonzalez<\/td>\n<td style=\"border-style: solid; border-color: #000000;\">Clima: valle, meseta, lago Lt 39\u00b0 s<\/td>\n<\/tr>\n<tr>\n<td style=\"border-style: solid; border-color: #000000;\">FaHu<\/td>\n<td style=\"border-style: solid; border-color: #000000;\">793<\/td>\n<td style=\"border-style: solid; border-color: #000000;\">Sandra Betina Cvejanov<\/td>\n<td style=\"border-style: solid; border-color: #000000;\">Mar\u00eda Eugenia Llamb\u00ed<\/td>\n<td style=\"border-style: solid; border-color: #000000;\">Ense\u00f1ar lengua de se\u00f1as argentina: aportes para una comunicaci\u00f3n intercultural m\u00e1s eficaz<\/td>\n<\/tr>\n<tr>\n<td style=\"border-style: solid; border-color: #000000;\">CRUB<\/td>\n<td style=\"border-style: solid; border-color: #000000;\">759<\/td>\n<td style=\"border-style: solid; border-color: #000000;\">Claudio Luis Bio<\/td>\n<td style=\"border-style: solid; border-color: #000000;\">Susana Lidia Romaniuk<\/td>\n<td style=\"border-style: solid; border-color: #000000;\">Juegoteca Accesible<\/td>\n<\/tr>\n<tr>\n<td style=\"border-style: solid; border-color: #000000;\">CRUB<\/td>\n<td style=\"border-style: solid; border-color: #000000;\">758<\/td>\n<td style=\"border-style: solid; border-color: #000000;\">Mar\u00eda Elena Severino<\/td>\n<td style=\"border-style: solid; border-color: #000000;\">Carlos Edary<\/td>\n<td style=\"border-style: solid; border-color: #000000;\">Articulaci\u00f3n entre la escuela media y la universidad<\/td>\n<\/tr>\n<tr>\n<td style=\"border-style: solid; border-color: #000000;\">CRUB<\/td>\n<td style=\"border-style: solid; border-color: #000000;\">755<\/td>\n<td style=\"border-style: solid; border-color: #000000;\">Eduardo Hugo Lopez<\/td>\n<td style=\"border-style: solid; border-color: #000000;\">Natalia Vanesa Orme\u00f1o<\/td>\n<td style=\"border-style: solid; border-color: #000000;\">Intercambio entre la comunidad universitaria del CRUB y la Comunidad Terapeutica ASUMIR 2<\/td>\n<\/tr>\n<tr>\n<td style=\"border-style: solid; border-color: #000000;\">CRUB<\/td>\n<td style=\"border-style: solid; border-color: #000000;\">754<\/td>\n<td style=\"border-style: solid; border-color: #000000;\">Gilda Garibotti<\/td>\n<td style=\"border-style: solid; border-color: #000000;\">Claudia Huaylla<\/td>\n<td style=\"border-style: solid; border-color: #000000;\">Estad\u00edstica para resolver problemas de la comunidad. Perros en la calle<\/td>\n<\/tr>\n<tr>\n<td style=\"border-style: solid; border-color: #000000;\">CRUB<\/td>\n<td style=\"border-style: solid; border-color: #000000;\">757<\/td>\n<td style=\"border-style: solid; border-color: #000000;\">Romina Vidal Russel<\/td>\n<td style=\"border-style: solid; border-color: #000000;\">Guillermo Amico<\/td>\n<td style=\"border-style: solid; border-color: #000000;\">Ciencia pr\u00e1ctica para docentes de nivel primario<\/td>\n<\/tr>\n<tr>\n<td style=\"border-style: solid; border-color: #000000;\">CRUB<\/td>\n<td style=\"border-style: solid; border-color: #000000;\">756<\/td>\n<td style=\"border-style: solid; border-color: #000000;\">Gladys Galende<\/td>\n<td style=\"border-style: solid; border-color: #000000;\">Marcelo Kum<\/td>\n<td style=\"border-style: solid; border-color: #000000;\">Peque\u00f1os y grandes animales: reconocer su rostro y h\u00e1bitos para prevenir accidentes y cuidar la salud en Bariloche y alrededores<\/td>\n<\/tr>\n<\/tbody>\n<\/table>\n<\/div>\n<\/div>\n<\/div>\n<\/div>\n<\/div>\n<\/div>\n<\/div>\n","protected":false},"author":1,"featured_media":1611,"parent":0,"template":"","categorias_paginas":[82],"class_list":["post-1610","paginas","type-paginas","status-publish","has-post-thumbnail","hentry","categorias_paginas-formacion"],"acf":[],"_links":{"self":[{"href":"https:\/\/extension.uncoma.edu.ar\/index.php\/wp-json\/wp\/v2\/paginas\/1610","targetHints":{"allow":["GET"]}}],"collection":[{"href":"https:\/\/extension.uncoma.edu.ar\/index.php\/wp-json\/wp\/v2\/paginas"}],"about":[{"href":"https:\/\/extension.uncoma.edu.ar\/index.php\/wp-json\/wp\/v2\/types\/paginas"}],"author":[{"embeddable":true,"href":"https:\/\/extension.uncoma.edu.ar\/index.php\/wp-json\/wp\/v2\/users\/1"}],"wp:featuredmedia":[{"embeddable":true,"href":"https:\/\/extension.uncoma.edu.ar\/index.php\/wp-json\/wp\/v2\/media\/1611"}],"wp:attachment":[{"href":"https:\/\/extension.uncoma.edu.ar\/index.php\/wp-json\/wp\/v2\/media?parent=1610"}],"wp:term":[{"taxonomy":"categorias_paginas","embeddable":true,"href":"https:\/\/extension.uncoma.edu.ar\/index.php\/wp-json\/wp\/v2\/categorias_paginas?post=1610"}],"curies":[{"name":"wp","href":"https:\/\/api.w.org\/{rel}","templated":true}]}}